{"id":140039,"date":"2026-08-31T03:04:32","date_gmt":"2026-08-31T10:04:32","guid":{"rendered":"https:\/\/www.vertigis.com\/?post_type=tribe_events&#038;p=140039"},"modified":"2026-08-31T03:06:11","modified_gmt":"2026-08-31T10:06:11","slug":"der-baumpruefer-in-der-hosentasche","status":"publish","type":"tribe_events","link":"https:\/\/www.vertigis.com\/de\/event\/der-baumpruefer-in-der-hosentasche\/","title":{"rendered":"Der Baumpr\u00fcfer in der Hosentasche"},"content":{"rendered":"<div  class=\"tribe-events-schedule tribe-clearfix\" >\n\t<p class=\"tribe-events-schedule__datetime\">\n\t\t<span class=\"tribe-events-schedule__date tribe-events-schedule__date--start\">\n\t\t\tSeptember 30\t\t<\/span>\n\n\t\t\t\t\t<span class=\"tribe-events-schedule__separator tribe-events-schedule__separator--date\">\n\t\t\t\t @ \t\t\t<\/span>\n\t\t\t<span class=\"tribe-events-schedule__time tribe-events-schedule__time--start\">\n\t\t\t\t10:00\t\t\t<\/span>\n\t\t\n\t\t\t\t\t\t\t\t\t<span class=\"tribe-events-schedule__separator tribe-events-schedule__separator--time\">\n\t\t\t\t\t &#8211; \t\t\t\t<\/span>\n\t\t\t\n\t\t\t\t\t\t\t<span class=\"tribe-events-schedule__time tribe-events-schedule__time--end\">\n\t\t\t\t\t10:30\t\t\t\t<\/span>\n\t\t\t\n\t\t\t\t\t\t<\/p>\n<\/div>\n\n\n\n<p class=\"wp-block-paragraph\"><strong>Die regelm\u00e4\u00dfige Kontrolle von B\u00e4umen ist ein zentraler Bestandteil der Betreiberverantwortung und Verkehrssicherung. Gleichzeitig stehen Verantwortliche vor der Herausforderung, Baumkontrollen effizient zu dokumentieren, Risiken fr\u00fchzeitig zu erkennen und alle relevanten Informationen direkt vor Ort verf\u00fcgbar zu haben.<\/strong><\/p>\n\n\n\n<p class=\"wp-block-paragraph\">In diesem Webinar stellen wir Ihnen die VertiGIS FM <strong>Greenspaces App f\u00fcr iOS und Android<\/strong> vor \u2013 Ihre mobile L\u00f6sung f\u00fcr eine moderne und digitale Baumkontrolle. Erfahren Sie, wie Sie Baumdaten und Kontrollen direkt im Gel\u00e4nde erfassen, auch ohne aktive Internetverbindung arbeiten und die integrierte Kartenkomponente f\u00fcr eine optimale Orientierung nutzen k\u00f6nnen.<br><br><\/p>\n\n\n<div  class=\"tribe-block tribe-block__event-website\" >\n\t<a\n\t\thref=\"https:\/\/success.vertigis.com\/acton\/media\/43821\/der-baumpruefer-in-der-hosentasche\"\n\t\ttarget=\"_self\"\n\t\t\t>\n\t\tJetzt anmelden\t<\/a>\n<\/div>\n\n\n\n<div style=\"height:29px\" aria-hidden=\"true\" class=\"wp-block-spacer\"><\/div>\n","protected":false},"excerpt":{"rendered":"<p>Die regelm\u00e4\u00dfige Kontrolle von B\u00e4umen ist ein zentraler Bestandteil der Betreiberverantwortung und Verkehrssicherung. Gleichzeitig stehen Verantwortliche vor der Herausforderung, Baumkontrollen effizient zu dokumentieren, Risiken fr\u00fchzeitig zu erkennen und alle relevanten <a href=\"https:\/\/www.vertigis.com\/de\/event\/der-baumpruefer-in-der-hosentasche\/\" class=\"more-link\"><\/a><\/p>\n","protected":false},"author":25,"featured_media":140040,"template":"","meta":{"_acf_changed":false,"_EventAllDay":false,"_EventTimezone":"America\/Vancouver","_EventStartDate":"2026-09-30 10:00:00","_EventEndDate":"2026-09-30 10:30:00","_EventStartDateUTC":"2026-09-30 17:00:00","_EventEndDateUTC":"2026-09-30 17:30:00","_EventShowMap":false,"_EventShowMapLink":false,"_EventURL":"https:\/\/success.vertigis.com\/acton\/media\/43821\/der-baumpruefer-in-der-hosentasche","_EventCost":"","_EventCostDescription":"","_EventCurrencySymbol":"$","_EventCurrencyCode":"USD","_EventCurrencyPosition":"prefix","_EventDateTimeSeparator":" @ ","_EventTimeRangeSeparator":" - ","_EventOrganizerID":[],"_EventVenueID":[],"_OrganizerEmail":"","_OrganizerPhone":"","_OrganizerWebsite":"","_VenueAddress":"","_VenueCity":"","_VenueCountry":"","_VenueProvince":"","_VenueState":"","_VenueZip":"","_VenuePhone":"","_VenueURL":"","_VenueStateProvince":"","_VenueLat":"","_VenueLng":"","_VenueShowMap":false,"_VenueShowMapLink":false,"_tribe_events_status":"","_tribe_events_status_reason":"","footnotes":""},"tags":[],"tribe_events_cat":[],"class_list":["post-140039","tribe_events","type-tribe_events","status-publish","has-post-thumbnail","hentry"],"acf":[],"yoast_head":"<!-- This site is optimized with the Yoast SEO Premium plugin v28.2 (Yoast SEO v28.2) - https:\/\/yoast.com\/product\/yoast-seo-premium-wordpress\/ -->\n<title>Der Baumpr\u00fcfer in der Hosentasche - VertiGIS<\/title>\n<meta name=\"description\" content=\"Find out upcoming GIS events that VertiGIS is proud to support and host across the globe. Browse our calendar.\" \/>\n<meta name=\"robots\" content=\"index, follow, max-snippet:-1, max-image-preview:large, max-video-preview:-1\" \/>\n<link rel=\"canonical\" href=\"https:\/\/www.vertigis.com\/de\/event\/der-baumpruefer-in-der-hosentasche\/\" \/>\n<meta property=\"og:locale\" content=\"de_DE\" \/>\n<meta property=\"og:type\" content=\"article\" \/>\n<meta property=\"og:title\" content=\"Der Baumpr\u00fcfer in der Hosentasche\" \/>\n<meta property=\"og:description\" content=\"Die regelm\u00e4\u00dfige Kontrolle von B\u00e4umen ist ein zentraler Bestandteil der Betreiberverantwortung und Verkehrssicherung. Gleichzeitig stehen Verantwortliche\" \/>\n<meta property=\"og:url\" content=\"https:\/\/www.vertigis.com\/de\/event\/der-baumpruefer-in-der-hosentasche\/\" \/>\n<meta property=\"og:site_name\" content=\"VertiGIS\" \/>\n<meta property=\"article:modified_time\" content=\"2026-08-31T10:06:11+00:00\" \/>\n<meta property=\"og:image\" content=\"https:\/\/www.vertigis.com\/wp-content\/uploads\/2026\/08\/Webinar-Baumkontrolle-Events.jpg\" \/>\n\t<meta property=\"og:image:width\" content=\"1000\" \/>\n\t<meta property=\"og:image:height\" content=\"600\" \/>\n\t<meta property=\"og:image:type\" content=\"image\/jpeg\" \/>\n<meta name=\"twitter:card\" content=\"summary_large_image\" \/>\n<meta name=\"twitter:label1\" content=\"Gesch\u00e4tzte Lesezeit\" \/>\n\t<meta name=\"twitter:data1\" content=\"1\u00a0Minute\" \/>\n<script type=\"application\/ld+json\" class=\"yoast-schema-graph\">{\"@context\":\"https:\\\/\\\/schema.org\",\"@graph\":[{\"@type\":\"WebPage\",\"@id\":\"https:\\\/\\\/www.vertigis.com\\\/de\\\/event\\\/der-baumpruefer-in-der-hosentasche\\\/\",\"url\":\"https:\\\/\\\/www.vertigis.com\\\/de\\\/event\\\/der-baumpruefer-in-der-hosentasche\\\/\",\"name\":\"Der Baumpr\u00fcfer in der Hosentasche - VertiGIS\",\"isPartOf\":{\"@id\":\"https:\\\/\\\/www.vertigis.com\\\/de\\\/#website\"},\"primaryImageOfPage\":{\"@id\":\"https:\\\/\\\/www.vertigis.com\\\/de\\\/event\\\/der-baumpruefer-in-der-hosentasche\\\/#primaryimage\"},\"image\":{\"@id\":\"https:\\\/\\\/www.vertigis.com\\\/de\\\/event\\\/der-baumpruefer-in-der-hosentasche\\\/#primaryimage\"},\"thumbnailUrl\":\"https:\\\/\\\/www.vertigis.com\\\/wp-content\\\/uploads\\\/2026\\\/08\\\/Webinar-Baumkontrolle-Events.jpg\",\"datePublished\":\"2026-08-31T10:04:32+00:00\",\"dateModified\":\"2026-08-31T10:06:11+00:00\",\"description\":\"Find out upcoming GIS events that VertiGIS is proud to support and host across the globe. Browse our calendar.\",\"breadcrumb\":{\"@id\":\"https:\\\/\\\/www.vertigis.com\\\/de\\\/event\\\/der-baumpruefer-in-der-hosentasche\\\/#breadcrumb\"},\"inLanguage\":\"de\",\"potentialAction\":[{\"@type\":\"ReadAction\",\"target\":[\"https:\\\/\\\/www.vertigis.com\\\/de\\\/event\\\/der-baumpruefer-in-der-hosentasche\\\/\"]}]},{\"@type\":\"ImageObject\",\"inLanguage\":\"de\",\"@id\":\"https:\\\/\\\/www.vertigis.com\\\/de\\\/event\\\/der-baumpruefer-in-der-hosentasche\\\/#primaryimage\",\"url\":\"https:\\\/\\\/www.vertigis.com\\\/wp-content\\\/uploads\\\/2026\\\/08\\\/Webinar-Baumkontrolle-Events.jpg\",\"contentUrl\":\"https:\\\/\\\/www.vertigis.com\\\/wp-content\\\/uploads\\\/2026\\\/08\\\/Webinar-Baumkontrolle-Events.jpg\",\"width\":1000,\"height\":600},{\"@type\":\"BreadcrumbList\",\"@id\":\"https:\\\/\\\/www.vertigis.com\\\/de\\\/event\\\/der-baumpruefer-in-der-hosentasche\\\/#breadcrumb\",\"itemListElement\":[{\"@type\":\"ListItem\",\"position\":1,\"name\":\"Veranstaltungen\",\"item\":\"https:\\\/\\\/www.vertigis.com\\\/de\\\/events\\\/\"},{\"@type\":\"ListItem\",\"position\":2,\"name\":\"Der Baumpr\u00fcfer in der Hosentasche\"}]},{\"@type\":\"WebSite\",\"@id\":\"https:\\\/\\\/www.vertigis.com\\\/de\\\/#website\",\"url\":\"https:\\\/\\\/www.vertigis.com\\\/de\\\/\",\"name\":\"VertiGIS\",\"description\":\"Enterprise spatial asset management solutions\",\"publisher\":{\"@id\":\"https:\\\/\\\/www.vertigis.com\\\/de\\\/#organization\"},\"potentialAction\":[{\"@type\":\"SearchAction\",\"target\":{\"@type\":\"EntryPoint\",\"urlTemplate\":\"https:\\\/\\\/www.vertigis.com\\\/de\\\/?s={search_term_string}\"},\"query-input\":{\"@type\":\"PropertyValueSpecification\",\"valueRequired\":true,\"valueName\":\"search_term_string\"}}],\"inLanguage\":\"de\"},{\"@type\":\"Organization\",\"@id\":\"https:\\\/\\\/www.vertigis.com\\\/de\\\/#organization\",\"name\":\"VertiGIS\",\"url\":\"https:\\\/\\\/www.vertigis.com\\\/de\\\/\",\"logo\":{\"@type\":\"ImageObject\",\"inLanguage\":\"de\",\"@id\":\"https:\\\/\\\/www.vertigis.com\\\/de\\\/#\\\/schema\\\/logo\\\/image\\\/\",\"url\":\"https:\\\/\\\/www.vertigis.com\\\/wp-content\\\/uploads\\\/2025\\\/07\\\/VertiGIS-Studio-Logo-1-1.png\",\"contentUrl\":\"https:\\\/\\\/www.vertigis.com\\\/wp-content\\\/uploads\\\/2025\\\/07\\\/VertiGIS-Studio-Logo-1-1.png\",\"width\":823,\"height\":127,\"caption\":\"VertiGIS\"},\"image\":{\"@id\":\"https:\\\/\\\/www.vertigis.com\\\/de\\\/#\\\/schema\\\/logo\\\/image\\\/\"}}]}<\/script>\n<!-- \/ Yoast SEO Premium plugin. -->","yoast_head_json":{"title":"Der Baumpr\u00fcfer in der Hosentasche - VertiGIS","description":"Find out upcoming GIS events that VertiGIS is proud to support and host across the globe. Browse our calendar.","robots":{"index":"index","follow":"follow","max-snippet":"max-snippet:-1","max-image-preview":"max-image-preview:large","max-video-preview":"max-video-preview:-1"},"canonical":"https:\/\/www.vertigis.com\/de\/event\/der-baumpruefer-in-der-hosentasche\/","og_locale":"de_DE","og_type":"article","og_title":"Der Baumpr\u00fcfer in der Hosentasche","og_description":"Die regelm\u00e4\u00dfige Kontrolle von B\u00e4umen ist ein zentraler Bestandteil der Betreiberverantwortung und Verkehrssicherung. Gleichzeitig stehen Verantwortliche","og_url":"https:\/\/www.vertigis.com\/de\/event\/der-baumpruefer-in-der-hosentasche\/","og_site_name":"VertiGIS","article_modified_time":"2026-08-31T10:06:11+00:00","og_image":[{"width":1000,"height":600,"url":"https:\/\/www.vertigis.com\/wp-content\/uploads\/2026\/08\/Webinar-Baumkontrolle-Events.jpg","type":"image\/jpeg"}],"twitter_card":"summary_large_image","twitter_misc":{"Gesch\u00e4tzte Lesezeit":"1\u00a0Minute"},"schema":{"@context":"https:\/\/schema.org","@graph":[{"@type":"WebPage","@id":"https:\/\/www.vertigis.com\/de\/event\/der-baumpruefer-in-der-hosentasche\/","url":"https:\/\/www.vertigis.com\/de\/event\/der-baumpruefer-in-der-hosentasche\/","name":"Der Baumpr\u00fcfer in der Hosentasche - VertiGIS","isPartOf":{"@id":"https:\/\/www.vertigis.com\/de\/#website"},"primaryImageOfPage":{"@id":"https:\/\/www.vertigis.com\/de\/event\/der-baumpruefer-in-der-hosentasche\/#primaryimage"},"image":{"@id":"https:\/\/www.vertigis.com\/de\/event\/der-baumpruefer-in-der-hosentasche\/#primaryimage"},"thumbnailUrl":"https:\/\/www.vertigis.com\/wp-content\/uploads\/2026\/08\/Webinar-Baumkontrolle-Events.jpg","datePublished":"2026-08-31T10:04:32+00:00","dateModified":"2026-08-31T10:06:11+00:00","description":"Find out upcoming GIS events that VertiGIS is proud to support and host across the globe. Browse our calendar.","breadcrumb":{"@id":"https:\/\/www.vertigis.com\/de\/event\/der-baumpruefer-in-der-hosentasche\/#breadcrumb"},"inLanguage":"de","potentialAction":[{"@type":"ReadAction","target":["https:\/\/www.vertigis.com\/de\/event\/der-baumpruefer-in-der-hosentasche\/"]}]},{"@type":"ImageObject","inLanguage":"de","@id":"https:\/\/www.vertigis.com\/de\/event\/der-baumpruefer-in-der-hosentasche\/#primaryimage","url":"https:\/\/www.vertigis.com\/wp-content\/uploads\/2026\/08\/Webinar-Baumkontrolle-Events.jpg","contentUrl":"https:\/\/www.vertigis.com\/wp-content\/uploads\/2026\/08\/Webinar-Baumkontrolle-Events.jpg","width":1000,"height":600},{"@type":"BreadcrumbList","@id":"https:\/\/www.vertigis.com\/de\/event\/der-baumpruefer-in-der-hosentasche\/#breadcrumb","itemListElement":[{"@type":"ListItem","position":1,"name":"Veranstaltungen","item":"https:\/\/www.vertigis.com\/de\/events\/"},{"@type":"ListItem","position":2,"name":"Der Baumpr\u00fcfer in der Hosentasche"}]},{"@type":"WebSite","@id":"https:\/\/www.vertigis.com\/de\/#website","url":"https:\/\/www.vertigis.com\/de\/","name":"VertiGIS","description":"Enterprise spatial asset management solutions","publisher":{"@id":"https:\/\/www.vertigis.com\/de\/#organization"},"potentialAction":[{"@type":"SearchAction","target":{"@type":"EntryPoint","urlTemplate":"https:\/\/www.vertigis.com\/de\/?s={search_term_string}"},"query-input":{"@type":"PropertyValueSpecification","valueRequired":true,"valueName":"search_term_string"}}],"inLanguage":"de"},{"@type":"Organization","@id":"https:\/\/www.vertigis.com\/de\/#organization","name":"VertiGIS","url":"https:\/\/www.vertigis.com\/de\/","logo":{"@type":"ImageObject","inLanguage":"de","@id":"https:\/\/www.vertigis.com\/de\/#\/schema\/logo\/image\/","url":"https:\/\/www.vertigis.com\/wp-content\/uploads\/2025\/07\/VertiGIS-Studio-Logo-1-1.png","contentUrl":"https:\/\/www.vertigis.com\/wp-content\/uploads\/2025\/07\/VertiGIS-Studio-Logo-1-1.png","width":823,"height":127,"caption":"VertiGIS"},"image":{"@id":"https:\/\/www.vertigis.com\/de\/#\/schema\/logo\/image\/"}}]}},"_links":{"self":[{"href":"https:\/\/www.vertigis.com\/de\/wp-json\/wp\/v2\/tribe_events\/140039","targetHints":{"allow":["GET"]}}],"collection":[{"href":"https:\/\/www.vertigis.com\/de\/wp-json\/wp\/v2\/tribe_events"}],"about":[{"href":"https:\/\/www.vertigis.com\/de\/wp-json\/wp\/v2\/types\/tribe_events"}],"author":[{"embeddable":true,"href":"https:\/\/www.vertigis.com\/de\/wp-json\/wp\/v2\/users\/25"}],"version-history":[{"count":4,"href":"https:\/\/www.vertigis.com\/de\/wp-json\/wp\/v2\/tribe_events\/140039\/revisions"}],"predecessor-version":[{"id":140045,"href":"https:\/\/www.vertigis.com\/de\/wp-json\/wp\/v2\/tribe_events\/140039\/revisions\/140045"}],"wp:featuredmedia":[{"embeddable":true,"href":"https:\/\/www.vertigis.com\/de\/wp-json\/wp\/v2\/media\/140040"}],"wp:attachment":[{"href":"https:\/\/www.vertigis.com\/de\/wp-json\/wp\/v2\/media?parent=140039"}],"wp:term":[{"taxonomy":"post_tag","embeddable":true,"href":"https:\/\/www.vertigis.com\/de\/wp-json\/wp\/v2\/tags?post=140039"},{"taxonomy":"tribe_events_cat","embeddable":true,"href":"https:\/\/www.vertigis.com\/de\/wp-json\/wp\/v2\/tribe_events_cat?post=140039"}],"curies":[{"name":"wp","href":"https:\/\/api.w.org\/{rel}","templated":true}]}}